{"id":9360,"date":"2022-06-27T09:39:45","date_gmt":"2022-06-27T07:39:45","guid":{"rendered":"https:\/\/efitira.agencebisart.com\/cursus-scolaire\/maternelle\/"},"modified":"2024-08-23T22:19:04","modified_gmt":"2024-08-23T20:19:04","slug":"kopshti","status":"publish","type":"page","link":"https:\/\/efitirana.com\/sq\/kurrikula-shkollore\/kopshti\/","title":{"rendered":"Kopshti"},"content":{"rendered":"<p>\t\t\t\t<!-- avec ou sans CTA : m\u00eame code, \u00e7a centre verticalement le texte --><\/p>\n<div class=\"smallheader\" id=\"bloc_small_header_8\">\n<style type=\"text\/css\">\n\t\t\t\t\t\t\t#bloc_small_header_8 {background-image: url(https:\/\/efitirana.com\/wp-content\/uploads\/2022\/05\/HEADER_1-610x268.jpg);}\n\t\t\t\t\t\t\t@media (min-width: 480px) {\t#bloc_small_header_8 {background-image: url(https:\/\/efitirana.com\/wp-content\/uploads\/2022\/05\/HEADER_1-610x268.jpg);}}\n\t\t\t\t\t\t\t@media (min-width: 768px) {\t#bloc_small_header_8 {background-image: url(https:\/\/efitirana.com\/wp-content\/uploads\/2022\/05\/HEADER_1-1024x214.jpg);}}\n\t\t\t\t\t\t\t@media (min-width: 992px) { #bloc_small_header_8 {background-image: url(https:\/\/efitirana.com\/wp-content\/uploads\/2022\/05\/HEADER_1-1024x214.jpg);}}\n\t\t\t\t\t\t\t@media (min-width: 1200px) { #bloc_small_header_8 {background-image: url(https:\/\/efitirana.com\/wp-content\/uploads\/2022\/05\/HEADER_1.jpg);}}\n\t\t\t\t\t\t<\/style>\n<div class=\"container d-flex flex-column justify-content-center align-items-start\">\n<h1><span>Kopshti<\/span><\/h1>\n<\/p><\/div>\n<\/p><\/div>\n<div class=\"bloc_ctas bloc_cta container pt-2 pb-2 text-right\" id=\"bloc_ctas_9\">\n<div class=\"btns\">\t<a href=\"https:\/\/efitirana.com\/sq\/formulaire-dinscription\/\" title=\"Regjistrimi n\u00eb kopshtin e EFI e Tiran\u00ebs\" target=\"\" class=\" ml-1   mr-1  btn btn--color2\" rel=\"noopener\">Regjistrimi n\u00eb kopshtin e EFI e Tiran\u00ebs<\/a> <\/div>\n<\/p><\/div>\n<div class=\"bloctext bloctext--color2 bloctext--haspattern\" id=\"bloc_6_10\">\n<div class=\"container\">\n<div class=\"row\">\n<div class=\"col-12 col-lg-4 col-xl-3 mb-1\">\n<h2><span>OBJEKTIVA THELB\u00cbSORE<\/span><\/h2>\n<\/p><\/div>\n<div class=\"col-12 col-lg-8 col-xl-9\">\n<div class=\"text pl-lg-4\">\n<p><strong>Kopshti<\/strong> t\u00eb p\u00ebrgatit p\u00ebr m\u00ebsimet themelore t\u00eb leximit, shkrimit dhe llogaritjes. Objektivat e tij thelb\u00ebsore jan\u00eb shoq\u00ebrizimi, p\u00ebrdorimi i gjuh\u00ebs, i numrave dhe i gjestit grafik, zhvillimi i ndjeshm\u00ebris\u00eb dhe i personalitetit t\u00eb \u00e7do nx\u00ebn\u00ebsi. Metodat e tij u japin p\u00ebrpar\u00ebsi manipulimit, zbulimit, eksperimentimit n\u00eb fushat e ndryshme: artistike, kulturore, fizike, shkencore.<\/p>\n<ul>\n<li>Grupi fare i vog\u00ebl: 2\u00a0vje\u00e7 e gjysm\u00eb<\/li>\n<li>Grupi i vog\u00ebl: 3\u00a0vje\u00e7<\/li>\n<li>Grupi i mes\u00ebm: 4\u00a0vje\u00e7<\/li>\n<li>Grupi i madh: 5\u00a0vje\u00e7<\/li>\n<\/ul><\/div>\n<\/p><\/div>\n<\/p><\/div>\n<\/p><\/div>\n<\/div>\n<div class=\"blocmedia blocmedia--textright blocmedia--nocolor\" id=\"bloc_2_11\">\n<div class=\"container\">\n<div class=\"row\">\n<div class=\"col-12 col-md-6\">\n<div class=\"slider\">\n<div id=\"slider-bloc_2_11\" class=\"flexslider flexslider--blocmedia loading\">\n<ul class=\"slides list-unstyled\">\n<li class=\"slider-li\">\n\t\t\t\t\t\t\t\t\t\t     \t<a data-fancybox=\"rel-slider-bloc_2_11\" data-caption=\"\" href=\"https:\/\/efitirana.com\/wp-content\/uploads\/2022\/05\/32920046_1723386154411543_634156293531107328_n-722x564.jpeg\"><br \/>\n\t\t\t\t\t\t\t\t\t\t\t\t\t<img decoding=\"async\" class=\"img-fluid\" src=\"https:\/\/efitirana.com\/wp-content\/uploads\/2022\/05\/32920046_1723386154411543_634156293531107328_n-722x564.jpeg\" width=\"\" height=\"\" alt=\"\"><br \/>\n\t\t\t\t\t\t\t\t\t\t\t\t<\/a>\n\t\t\t\t\t\t\t\t\t\t     <\/li>\n<\/ul><\/div>\n<\/p><\/div>\n<\/p><\/div>\n<div class=\"col-12 col-md-5 d-flex flex-column justify-content-center align-items-start mb-2 mb-md-0\">\n<div class=\"text\">\n<h2><span>MB\u00cbSHTETJE E P\u00cbRSHTAT\u00cbSHME<\/span><\/h2>\n<p>\u00c7do m\u00ebsues i kopshtit ndihmohet nga nj\u00eb ndihm\u00ebse filloreje me koh\u00eb t\u00eb plot\u00eb. Ne e konsiderojm\u00eb t\u00eb r\u00ebnd\u00ebsishme q\u00eb f\u00ebmij\u00ebt t\u00eb mund t\u00eb zhvillojn\u00eb n\u00eb nj\u00eb kuad\u00ebr shkollor, me m\u00ebsues t\u00eb formuar, m\u00ebsimet e para q\u00eb do t\u2019u lejojn\u00eb m\u00eb pas t\u00eb nisin shkollimin fillor me m\u00eb shum\u00eb besim. Duke zgjedhur t\u00eb regjistroni f\u00ebmij\u00ebn tuaj q\u00eb n\u00eb kopsht, ju i jepni atij mund\u00ebsin\u00eb t\u00eb hedh\u00eb bazat e nj\u00eb zhvillimi harmonik n\u00eb nj\u00eb mjedis dashamir\u00ebs, t\u00eb p\u00ebrshtatur mjaft mir\u00eb p\u00ebr mosh\u00ebn e tij. Ju i lejoni atij sidomos t\u00eb nis\u00eb me but\u00ebsi nj\u00eb rrug\u00ebtim t\u00eb v\u00ebrtet\u00eb shum\u00ebgjuh\u00ebsh t\u00eb q\u00ebndruesh\u00ebm, ku fr\u00ebngjishtja kombinohet me anglishten dhe me gjuh\u00ebn komb\u00ebtare.<\/p>\n<p>\t\t\t\t\t\t<!-- Changer la classe de couleur du bouton en fonction de la couleur g\u00e9n\u00e9rale du bloc --><\/p>\n<div class=\"bloc_cta\" ><\/div>\n<\/p><\/div>\n<\/p><\/div>\n<\/p><\/div>\n<\/p><\/div>\n<\/div>\n<div class=\"bloctext bloctext--color2 bloctext--haspattern\" id=\"bloc_6_12\">\n<div class=\"container\">\n<div class=\"row\">\n<div class=\"col-12 col-lg-4 col-xl-3 mb-1\">\n<h2><span>VIZIONI PEDAGOGJIK<\/span><\/h2>\n<\/p><\/div>\n<div class=\"col-12 col-lg-8 col-xl-9\">\n<div class=\"text pl-lg-4\">\n<p><strong>Kopshti mish\u00ebron nj\u00eb forc\u00eb t\u00eb sistemit arsimor francez:<br \/>\nhyrja q\u00eb n\u00eb mosh\u00ebn m\u00eb t\u00eb re n\u00eb m\u00ebsime.<\/strong><\/p>\n<p>F\u00ebmija aty m\u00ebson t\u00eb b\u00ebhet m\u00eb i sakt\u00eb n\u00eb synimet e veta, m\u00eb k\u00ebrkues n\u00eb realizimet e veta dhe provon k\u00ebnaq\u00ebsin\u00eb e t\u00eb ndjerit se si rritet dhe p\u00ebrparon. Ai b\u00ebhet i nd\u00ebrgjegjsh\u00ebm p\u00ebr interesin e t\u00eb m\u00ebsuarit. Objektivi thelb\u00ebsor i kopshtit \u00ebsht\u00eb t\u00eb ndihmoj\u00eb \u00e7do f\u00ebmij\u00eb t\u00eb b\u00ebhet autonom dhe t\u00eb p\u00ebrvet\u00ebsoj\u00eb njohuri dhe kompetenca. Kopshti francez ndjek programet zyrtare franceze q\u00eb p\u00ebrcaktojn\u00eb kompetencat e sakta q\u00eb duhen zot\u00ebruar. M\u00ebsimet organizohen rreth p\u00ebrparimit progresiv dhe zbatohen n\u00eb projektet e klas\u00ebs.<\/p>\n<p>Forca e institucionit ton\u00eb \u00ebsht\u00eb t\u00eb ofroj\u00eb, q\u00eb n\u00eb hyrjen n\u00eb kopsht, nj\u00eb shkollim t\u00eb v\u00ebrtet\u00eb shum\u00ebgjuh\u00ebsh (fr\u00ebngjisht\/anglisht\/gjuh\u00eb komb\u00ebtare). Organizimi i koh\u00ebs shkollore organizohet m\u00eb s\u00eb shpeshti n\u00eb barazin\u00eb e or\u00ebve: nj\u00eb dit\u00eb n\u00eb fr\u00ebngjisht \/ nj\u00eb dit\u00eb n\u00eb anglisht. Nx\u00ebn\u00ebsi p\u00ebrvet\u00ebson k\u00ebshtu nj\u00eb gjuh\u00eb gojore t\u00eb pasur, ku q\u00ebllimi \u00ebsht\u00eb t\u00eb ket\u00eb sukses n\u00eb vazhdimin e shkollimit:<\/p>\n<ul>\n<li>Nj\u00eb m\u00ebsim shum\u00ebgjuh\u00ebsh nga m\u00ebsues fol\u00ebs t\u00eb lindur:<\/li>\n<li>Nj\u00eb qasje p\u00ebr nx\u00ebn\u00ebsit e t\u00eb gjitha shtet\u00ebsive, pavar\u00ebsisht nga zot\u00ebrimi i tyre i gjuh\u00ebs fr\u00ebnge;<\/li>\n<li>Nj\u00eb mjedis t\u00ebr\u00ebsisht i sigurt;<\/li>\n<li>Nj\u00eb pedagogji aktive dhe dashamir\u00ebse q\u00eb favorizon pritjen e nx\u00ebn\u00ebsve dhe k\u00ebnaq\u00ebsin\u00eb e t\u00eb m\u00ebsuarit.<\/li>\n<\/ul>\n<p>Kopshti duhet t\u2019u m\u00ebsoj\u00eb f\u00ebmij\u00ebve ta duan shkoll\u00ebn!<\/p>\n<\/p><\/div>\n<\/p><\/div>\n<\/p><\/div>\n<\/p><\/div>\n<\/div>\n<div class=\"cardsnumbers cardscolors--nocolor\" id=\"bloc_1_13\">\n<div class=\"container\">\n<h2><span>OBJEKTIVAT E P\u00cbRGJITHSHME T\u00cb KOPSHTIT<\/span><\/h2>\n<div class=\"row justify-content-center\">\n<div class=\"col-12 col-sm-6 col-lg-3 mb-2\">\n<div class=\"cardnumber d-flex flex-column align-self-stretch\">\n<div class=\"text \" >\n\t\t\t\t\t\t\t\t<strong>1<\/strong><\/p>\n<p>T\u00eb mobilizojn\u00eb gjuh\u00ebn n\u00eb t\u00eb gjitha p\u00ebrmasat e saj<\/p>\n<\/p><\/div>\n<div class=\"\" >\n<div class=\"more d-flex align-items-center justify-content-center\" >\n<div>\n<\/div><\/div>\n<\/p><\/div>\n<\/p><\/div>\n<\/p><\/div>\n<div class=\"col-12 col-sm-6 col-lg-3 mb-2\">\n<div class=\"cardnumber d-flex flex-column align-self-stretch\">\n<div class=\"text \" >\n\t\t\t\t\t\t\t\t<strong>2<\/strong><\/p>\n<p>T\u00eb veprojn\u00eb, t\u00eb shprehen, t\u00eb kuptojn\u00eb p\u00ebrmes aktivitetit fizik dhe artistik<\/p>\n<\/p><\/div>\n<div class=\"\" >\n<div class=\"more d-flex align-items-center justify-content-center\" >\n<div>\n<\/div><\/div>\n<\/p><\/div>\n<\/p><\/div>\n<\/p><\/div>\n<div class=\"col-12 col-sm-6 col-lg-3 mb-2\">\n<div class=\"cardnumber d-flex flex-column align-self-stretch\">\n<div class=\"text \" >\n\t\t\t\t\t\t\t\t<strong>3<\/strong><\/p>\n<p>T\u00eb nd\u00ebrtojn\u00eb mjetet e para p\u00ebr strukturimin e mendimit<\/p>\n<\/p><\/div>\n<div class=\"\" >\n<div class=\"more d-flex align-items-center justify-content-center\" >\n<div>\n<\/div><\/div>\n<\/p><\/div>\n<\/p><\/div>\n<\/p><\/div>\n<div class=\"col-12 col-sm-6 col-lg-3 mb-2\">\n<div class=\"cardnumber d-flex flex-column align-self-stretch\">\n<div class=\"text \" >\n\t\t\t\t\t\t\t\t<strong>5<\/strong><\/p>\n<p>T\u00eb eksplorojn\u00eb bot\u00ebn<\/p>\n<\/p><\/div>\n<div class=\"\" >\n<div class=\"more d-flex align-items-center justify-content-center\" >\n<div>\n<\/div><\/div>\n<\/p><\/div>\n<\/p><\/div>\n<\/p><\/div>\n<\/p><\/div>\n<\/p><\/div>\n<\/div>\n<div class=\"blocinfo blocinfo--color4\" id=\"bloc_10_14\">\n<div class=\"container\">\n<div class=\"row\">\n<div class=\"col-12 col-md-6\">\n<h2><span>Niseni t\u00eb ardhmen e tij q\u00eb sot!<\/span><\/h2>\n<p>Regjistrimet p\u00ebr vitin\u00a02024-2025 jan\u00eb hapur.<\/p>\n<p>\t\t\t\t<!-- Changer la classe de couleur du bouton en fonction de la couleur g\u00e9n\u00e9rale du bloc --><\/p>\n<div class=\"bloc_cta\" >\n\t<a href=\"https:\/\/efitirana.com\/wp-content\/uploads\/2024\/07\/Formulaire-d-inscription-24-25-FR.pdf\" title=\"Regjistrohuni\" target=\"\" class=\"mr-3 btn btn--color4\" rel=\"noopener\">Regjistrohuni<\/a> \t\t\t\t<\/div>\n<\/p><\/div>\n<\/p><\/div>\n<\/p><\/div>\n<\/div>\n","protected":false},"excerpt":{"rendered":"<p>Kopshti Regjistrimi n\u00eb kopshtin e EFI e Tiran\u00ebs OBJEKTIVA THELB\u00cbSORE Kopshti t\u00eb p\u00ebrgatit p\u00ebr m\u00ebsimet themelore t\u00eb leximit, shkrimit dhe [&hellip;]<\/p>\n","protected":false},"author":4,"featured_media":0,"parent":9292,"menu_order":140,"comment_status":"closed","ping_status":"closed","template":"","meta":{"_acf_changed":false,"kdcopypost-origin-url":"","kdcopypost-origin-id":"","footnotes":""},"class_list":["post-9360","page","type-page","status-publish","hentry"],"acf":[],"yoast_head":"<!-- This site is optimized with the Yoast SEO plugin v26.6 - https:\/\/yoast.com\/wordpress\/plugins\/seo\/ -->\n<title>Kopshti - EFI Tirana<\/title>\n<meta name=\"robots\" content=\"index, follow, max-snippet:-1, max-image-preview:large, max-video-preview:-1\" \/>\n<link rel=\"canonical\" href=\"https:\/\/efitirana.com\/sq\/kurrikula-shkollore\/kopshti\/\" \/>\n<meta property=\"og:locale\" content=\"sq_AL\" \/>\n<meta property=\"og:type\" content=\"article\" \/>\n<meta property=\"og:title\" content=\"Kopshti - EFI Tirana\" \/>\n<meta property=\"og:description\" content=\"Kopshti Regjistrimi n\u00eb kopshtin e EFI e Tiran\u00ebs OBJEKTIVA THELB\u00cbSORE Kopshti t\u00eb p\u00ebrgatit p\u00ebr m\u00ebsimet themelore t\u00eb leximit, shkrimit dhe [&hellip;]\" \/>\n<meta property=\"og:url\" content=\"https:\/\/efitirana.com\/sq\/kurrikula-shkollore\/kopshti\/\" \/>\n<meta property=\"og:site_name\" content=\"EFI Tirana\" \/>\n<meta property=\"article:modified_time\" content=\"2024-08-23T20:19:04+00:00\" \/>\n<meta property=\"og:image\" content=\"https:\/\/efitirana.com\/wp-content\/uploads\/2022\/05\/32920046_1723386154411543_634156293531107328_n-722x564.jpeg\" \/>\n<meta name=\"twitter:card\" content=\"summary_large_image\" \/>\n<meta name=\"twitter:label1\" content=\"Est. reading time\" \/>\n\t<meta name=\"twitter:data1\" content=\"3 minutes\" \/>\n<script type=\"application\/ld+json\" class=\"yoast-schema-graph\">{\"@context\":\"https:\/\/schema.org\",\"@graph\":[{\"@type\":\"WebPage\",\"@id\":\"https:\/\/efitirana.com\/sq\/kurrikula-shkollore\/kopshti\/\",\"url\":\"https:\/\/efitirana.com\/sq\/kurrikula-shkollore\/kopshti\/\",\"name\":\"Kopshti - EFI Tirana\",\"isPartOf\":{\"@id\":\"https:\/\/efitirana.com\/sq\/#website\"},\"primaryImageOfPage\":{\"@id\":\"https:\/\/efitirana.com\/sq\/kurrikula-shkollore\/kopshti\/#primaryimage\"},\"image\":{\"@id\":\"https:\/\/efitirana.com\/sq\/kurrikula-shkollore\/kopshti\/#primaryimage\"},\"thumbnailUrl\":\"https:\/\/efitirana.com\/wp-content\/uploads\/2022\/05\/32920046_1723386154411543_634156293531107328_n-722x564.jpeg\",\"datePublished\":\"2022-06-27T07:39:45+00:00\",\"dateModified\":\"2024-08-23T20:19:04+00:00\",\"breadcrumb\":{\"@id\":\"https:\/\/efitirana.com\/sq\/kurrikula-shkollore\/kopshti\/#breadcrumb\"},\"inLanguage\":\"sq-AL\",\"potentialAction\":[{\"@type\":\"ReadAction\",\"target\":[\"https:\/\/efitirana.com\/sq\/kurrikula-shkollore\/kopshti\/\"]}]},{\"@type\":\"ImageObject\",\"inLanguage\":\"sq-AL\",\"@id\":\"https:\/\/efitirana.com\/sq\/kurrikula-shkollore\/kopshti\/#primaryimage\",\"url\":\"https:\/\/efitirana.com\/wp-content\/uploads\/2022\/05\/32920046_1723386154411543_634156293531107328_n-722x564.jpeg\",\"contentUrl\":\"https:\/\/efitirana.com\/wp-content\/uploads\/2022\/05\/32920046_1723386154411543_634156293531107328_n-722x564.jpeg\"},{\"@type\":\"BreadcrumbList\",\"@id\":\"https:\/\/efitirana.com\/sq\/kurrikula-shkollore\/kopshti\/#breadcrumb\",\"itemListElement\":[{\"@type\":\"ListItem\",\"position\":1,\"name\":\"Accueil\",\"item\":\"https:\/\/efitirana.com\/sq\/\"},{\"@type\":\"ListItem\",\"position\":2,\"name\":\"Kurrikula shkollore\",\"item\":\"https:\/\/efitirana.com\/sq\/kurrikula-shkollore\/\"},{\"@type\":\"ListItem\",\"position\":3,\"name\":\"Kopshti\"}]},{\"@type\":\"WebSite\",\"@id\":\"https:\/\/efitirana.com\/sq\/#website\",\"url\":\"https:\/\/efitirana.com\/sq\/\",\"name\":\"EFI Tirana\",\"description\":\"EFI Tirana\",\"potentialAction\":[{\"@type\":\"SearchAction\",\"target\":{\"@type\":\"EntryPoint\",\"urlTemplate\":\"https:\/\/efitirana.com\/sq\/?s={search_term_string}\"},\"query-input\":{\"@type\":\"PropertyValueSpecification\",\"valueRequired\":true,\"valueName\":\"search_term_string\"}}],\"inLanguage\":\"sq-AL\"}]}<\/script>\n<!-- \/ Yoast SEO plugin. -->","yoast_head_json":{"title":"Kopshti - EFI Tirana","robots":{"index":"index","follow":"follow","max-snippet":"max-snippet:-1","max-image-preview":"max-image-preview:large","max-video-preview":"max-video-preview:-1"},"canonical":"https:\/\/efitirana.com\/sq\/kurrikula-shkollore\/kopshti\/","og_locale":"sq_AL","og_type":"article","og_title":"Kopshti - EFI Tirana","og_description":"Kopshti Regjistrimi n\u00eb kopshtin e EFI e Tiran\u00ebs OBJEKTIVA THELB\u00cbSORE Kopshti t\u00eb p\u00ebrgatit p\u00ebr m\u00ebsimet themelore t\u00eb leximit, shkrimit dhe [&hellip;]","og_url":"https:\/\/efitirana.com\/sq\/kurrikula-shkollore\/kopshti\/","og_site_name":"EFI Tirana","article_modified_time":"2024-08-23T20:19:04+00:00","og_image":[{"url":"https:\/\/efitirana.com\/wp-content\/uploads\/2022\/05\/32920046_1723386154411543_634156293531107328_n-722x564.jpeg","type":"","width":"","height":""}],"twitter_card":"summary_large_image","twitter_misc":{"Est. reading time":"3 minutes"},"schema":{"@context":"https:\/\/schema.org","@graph":[{"@type":"WebPage","@id":"https:\/\/efitirana.com\/sq\/kurrikula-shkollore\/kopshti\/","url":"https:\/\/efitirana.com\/sq\/kurrikula-shkollore\/kopshti\/","name":"Kopshti - EFI Tirana","isPartOf":{"@id":"https:\/\/efitirana.com\/sq\/#website"},"primaryImageOfPage":{"@id":"https:\/\/efitirana.com\/sq\/kurrikula-shkollore\/kopshti\/#primaryimage"},"image":{"@id":"https:\/\/efitirana.com\/sq\/kurrikula-shkollore\/kopshti\/#primaryimage"},"thumbnailUrl":"https:\/\/efitirana.com\/wp-content\/uploads\/2022\/05\/32920046_1723386154411543_634156293531107328_n-722x564.jpeg","datePublished":"2022-06-27T07:39:45+00:00","dateModified":"2024-08-23T20:19:04+00:00","breadcrumb":{"@id":"https:\/\/efitirana.com\/sq\/kurrikula-shkollore\/kopshti\/#breadcrumb"},"inLanguage":"sq-AL","potentialAction":[{"@type":"ReadAction","target":["https:\/\/efitirana.com\/sq\/kurrikula-shkollore\/kopshti\/"]}]},{"@type":"ImageObject","inLanguage":"sq-AL","@id":"https:\/\/efitirana.com\/sq\/kurrikula-shkollore\/kopshti\/#primaryimage","url":"https:\/\/efitirana.com\/wp-content\/uploads\/2022\/05\/32920046_1723386154411543_634156293531107328_n-722x564.jpeg","contentUrl":"https:\/\/efitirana.com\/wp-content\/uploads\/2022\/05\/32920046_1723386154411543_634156293531107328_n-722x564.jpeg"},{"@type":"BreadcrumbList","@id":"https:\/\/efitirana.com\/sq\/kurrikula-shkollore\/kopshti\/#breadcrumb","itemListElement":[{"@type":"ListItem","position":1,"name":"Accueil","item":"https:\/\/efitirana.com\/sq\/"},{"@type":"ListItem","position":2,"name":"Kurrikula shkollore","item":"https:\/\/efitirana.com\/sq\/kurrikula-shkollore\/"},{"@type":"ListItem","position":3,"name":"Kopshti"}]},{"@type":"WebSite","@id":"https:\/\/efitirana.com\/sq\/#website","url":"https:\/\/efitirana.com\/sq\/","name":"EFI Tirana","description":"EFI Tirana","potentialAction":[{"@type":"SearchAction","target":{"@type":"EntryPoint","urlTemplate":"https:\/\/efitirana.com\/sq\/?s={search_term_string}"},"query-input":{"@type":"PropertyValueSpecification","valueRequired":true,"valueName":"search_term_string"}}],"inLanguage":"sq-AL"}]}},"_links":{"self":[{"href":"https:\/\/efitirana.com\/sq\/wp-json\/wp\/v2\/pages\/9360","targetHints":{"allow":["GET"]}}],"collection":[{"href":"https:\/\/efitirana.com\/sq\/wp-json\/wp\/v2\/pages"}],"about":[{"href":"https:\/\/efitirana.com\/sq\/wp-json\/wp\/v2\/types\/page"}],"author":[{"embeddable":true,"href":"https:\/\/efitirana.com\/sq\/wp-json\/wp\/v2\/users\/4"}],"replies":[{"embeddable":true,"href":"https:\/\/efitirana.com\/sq\/wp-json\/wp\/v2\/comments?post=9360"}],"version-history":[{"count":7,"href":"https:\/\/efitirana.com\/sq\/wp-json\/wp\/v2\/pages\/9360\/revisions"}],"predecessor-version":[{"id":11289,"href":"https:\/\/efitirana.com\/sq\/wp-json\/wp\/v2\/pages\/9360\/revisions\/11289"}],"up":[{"embeddable":true,"href":"https:\/\/efitirana.com\/sq\/wp-json\/wp\/v2\/pages\/9292"}],"wp:attachment":[{"href":"https:\/\/efitirana.com\/sq\/wp-json\/wp\/v2\/media?parent=9360"}],"curies":[{"name":"wp","href":"https:\/\/api.w.org\/{rel}","templated":true}]}}